{"id":356,"date":"2018-03-30T01:06:06","date_gmt":"2018-03-29T23:06:06","guid":{"rendered":"http:\/\/akhiam.org\/tourisme\/?page_id=356"},"modified":"2018-03-30T19:20:30","modified_gmt":"2018-03-30T17:20:30","slug":"vtt","status":"publish","type":"page","link":"https:\/\/akhiam.org\/tourisme\/vtt\/","title":{"rendered":"VTT"},"content":{"rendered":"<p style=\"text-align: justify; line-height: 107%; margin: 6.0pt 0cm 6.0pt 0cm;\"><span style=\"font-size: 16.0pt; line-height: 107%; font-family: Gabriola;\">Circuit et raid en v\u00e9lo tout terrain dans le Haut Atlas oriental et central<\/span><\/p>\n<p style=\"margin-bottom: .0001pt; line-height: normal;\"><span style=\"font-size: 12.0pt; font-family: 'Times New Roman',serif;\">\u00a0\u00a0<img loading=\"lazy\" decoding=\"async\" class=\"alignnone  wp-image-363\" src=\"https:\/\/akhiam.org\/tourisme\/wp-content\/uploads\/2018\/02\/vtt-1-300x169.jpg\" alt=\"\" width=\"932\" height=\"525\" srcset=\"https:\/\/akhiam.org\/tourisme\/wp-content\/uploads\/2018\/02\/vtt-1-300x169.jpg 300w, https:\/\/akhiam.org\/tourisme\/wp-content\/uploads\/2018\/02\/vtt-1-768x432.jpg 768w, https:\/\/akhiam.org\/tourisme\/wp-content\/uploads\/2018\/02\/vtt-1-1024x576.jpg 1024w, https:\/\/akhiam.org\/tourisme\/wp-content\/uploads\/2018\/02\/vtt-1-580x326.jpg 580w, https:\/\/akhiam.org\/tourisme\/wp-content\/uploads\/2018\/02\/vtt-1-174x98.jpg 174w, https:\/\/akhiam.org\/tourisme\/wp-content\/uploads\/2018\/02\/vtt-1.jpg 1599w\" sizes=\"auto, (max-width: 932px) 100vw, 932px\" \/><\/span><\/p>\n<p style=\"text-align: justify; line-height: 107%; margin: 6.0pt 0cm 6.0pt 0cm;\"><span style=\"font-size: 16.0pt; line-height: 107%; font-family: Gabriola;\">En VTT, des hauts plateaux des nomades aux vall\u00e9es profondes de l&rsquo;Atlas Central. Des moments inoubliables sur les hauteurs, \u00e0 la rencontre de la culture berb\u00e8re et \u00e0 l&rsquo;admiration des beaux paysages : montagnes, gorges, rivi\u00e8res. A d\u00e9couvrir aussi les traditions, la culture et les coutume des habitants.<\/span><\/p>\n<p style=\"text-align: justify; line-height: 107%; margin: 6.0pt 0cm 6.0pt 0cm;\"><span style=\"font-size: 16.0pt; line-height: 107%; font-family: Gabriola;\">Cr\u00e9\u00e9e le 17 novembre 2005, l\u2019association \u00ab\u00a0Les Toqu\u00e9s de la Dalle\u00a0\u00bb organise un raid multisports du\u00a015 au 20 Avril 2018\u00a0intitul\u00e9 \u00ab\u00a0L&rsquo;Agoudal Raid\u00a0\u00bb en partenariat avec une association locale nomm\u00e9e \u00a0\u201cAKHIAM\u201d au village d\u2019Agoudal-Imilchil<img loading=\"lazy\" decoding=\"async\" class=\"wp-image-237 alignright\" src=\"https:\/\/akhiam.org\/tourisme\/wp-content\/uploads\/2018\/02\/raid-212x300.jpg\" alt=\"\" width=\"261\" height=\"369\" srcset=\"https:\/\/akhiam.org\/tourisme\/wp-content\/uploads\/2018\/02\/raid-212x300.jpg 212w, https:\/\/akhiam.org\/tourisme\/wp-content\/uploads\/2018\/02\/raid-768x1086.jpg 768w, https:\/\/akhiam.org\/tourisme\/wp-content\/uploads\/2018\/02\/raid-724x1024.jpg 724w, https:\/\/akhiam.org\/tourisme\/wp-content\/uploads\/2018\/02\/raid-543x768.jpg 543w, https:\/\/akhiam.org\/tourisme\/wp-content\/uploads\/2018\/02\/raid.jpg 1576w\" sizes=\"auto, (max-width: 261px) 100vw, 261px\" \/><\/span><\/p>\n<p>&nbsp;<\/p>\n<p style=\"text-align: justify; line-height: 107%; margin: 6.0pt 0cm 6.0pt 0cm;\"><span style=\"font-size: 16.0pt; line-height: 107%; font-family: Gabriola;\">\u00a0<\/span><\/p>\n<p style=\"text-align: justify; line-height: 107%; margin: 6.0pt 0cm 6.0pt 0cm;\"><strong><u><span style=\"font-size: 18.0pt; line-height: 107%; font-family: Gabriola;\">Parcours sportifs propos\u00e9s\u00a0:<\/span><\/u><\/strong><\/p>\n<ul>\n<li style=\"text-align: justify; text-indent: -18.0pt; line-height: 107%; margin: 6.0pt 0cm 6.0pt 36.0pt;\"><span style=\"font-size: 16.0pt; line-height: 107%; font-family: Gabriola; background: yellow;\">Excursion \u00e0 la grotte d\u2019Akhiam en VTT<\/span><\/li>\n<\/ul>\n<p style=\"margin-left: 20.7pt; text-align: justify;\">Cette excursion nous permet de d\u00e9couvrir sans grand effort des endroits d\u2019une beaut\u00e9 extraordinaire et sauvage, comme la grotte elle-m\u00eame, le pont naturel qui la pr\u00e9c\u00e8de et la cascade qui est un peu plus en bas.<\/p>\n<ul>\n<li style=\"text-align: justify; text-indent: -18.0pt;\"><strong>Dur\u00e9e<\/strong>: une demi-journ\u00e9e.<\/li>\n<li style=\"text-align: justify; text-indent: -18.0pt;\"><strong>Longitude<\/strong>: 20 km aller et retour.<\/li>\n<li style=\"text-align: justify; text-indent: -18.0pt;\"><strong>D\u00e9nivellation<\/strong>: 187 m, dont 90 m sont \u00e0 faire \u00e0 pied par un sentier et un escalier. La d\u00e9nivellation \u00e0 monter en VTT est, donc, de 97 m seulement.<\/li>\n<li style=\"text-align: justify; text-indent: -18.0pt;\"><strong>\u00c0 pr\u00e9voir<\/strong>: des torches pour p\u00e9n\u00e9trer dans la grotte et une cha\u00eene pour attacher les v\u00e9los pendant le temps qu\u2019on y monte \u00e0 pied.<\/li>\n<li style=\"text-align: justify; text-indent: -18.0pt;\"><strong>Itin\u00e9raire<\/strong>:<\/li>\n<li style=\"text-align: justify; text-indent: -18.0pt;\">Km 0 \u2013 \u00c0 l\u2019int\u00e9rieur d\u2019Agoudal, au point N 32\u00ba 00,527\u2019 W 05\u00ba 29,395, on prend la piste vers le sud-ouest. C\u2019est indiqu\u00e9 \u00ab\u00a0Dad\u00e8s\u00a0\u00bb.<\/li>\n<li style=\"text-align: justify; text-indent: -18.0pt;\">Km 0,6 \u2013 On trouve la zone de cultures, que nous suivons pendant presque un kilom\u00e8tre avec une grande plantation de pommiers, irrigu\u00e9e par le syst\u00e8me \u00ab\u00a0\u00a0goutte-\u00e0-goutte\u00a0\u00bb\u00a0 .<\/li>\n<li style=\"text-align: justify; text-indent: -18.0pt;\">Km 6,9 \u2013 Au point N 31\u00ba 58,703\u2019 W 05\u00ba 32,728 On tourne \u00e0 gauche par une piste bien visible, qui traverse le ravin appel\u00e9 Anoufigh, puis on p\u00e9n\u00e8tre dans une vall\u00e9e secondaire, celle d\u2019Akhiam. L\u00e0 on observe une bande dolomitique du Jurassique, exactement de la s\u00e9rie liasique.<\/li>\n<li style=\"text-align: justify; text-indent: -18.0pt;\">Km 9,2 \u2013 Fin de la piste. Il vaut mieux garer les v\u00e9los et poursuivre \u00e0 pied, par un sentier qui traverse plusieurs fois la rivi\u00e8re et monte l\u00e9g\u00e8rement.<\/li>\n<li style=\"text-align: justify; text-indent: -18.0pt; line-height: 107%; margin: 6.0pt 0cm 6.0pt 36.0pt;\">Km 9,8 \u2013 On arrive au pied de la cascade d\u2019Akhiam, un endroit d\u2019une grande beaut\u00e9. Son nom, pluriel de <em>khaima<\/em>, veut dire \u00ab\u00a0les Tentes\u00a0\u00bb. Cette cascade, entour\u00e9e de curieuses formations de rocher calcaire, a beaucoup d\u2019eau au printemps. En fin d\u2019\u00e9t\u00e9, elle risque d\u2019\u00eatre s\u00e8che.<\/li>\n<li style=\"text-align: justify; text-indent: -18.0pt; line-height: 107%; margin: 6.0pt 0cm 6.0pt 36.0pt;\"><span style=\"font-size: 16.0pt; line-height: 107%; font-family: Gabriola; background: yellow;\">Circuit des lacs et Akka n\u2019Ouanine en VTT<\/span><\/li>\n<\/ul>\n<p style=\"text-align: justify;\">Ce circuit, d\u2019une dur\u00e9e et d\u2019une d\u00e9nivellation mod\u00e9r\u00e9es, comprend trois des principaux sites naturels de la zone\u00a0: les deux lacs et la gorge d\u2019Inzar n\u2019Oufounass, ainsi que la magnifique vall\u00e9e d\u2019Akka n\u2019Motzli.<\/p>\n<ul>\n<li style=\"text-align: justify; text-indent: -18.0pt;\"><strong>Dur\u00e9e<\/strong>: une demi-journ\u00e9e.<\/li>\n<li style=\"text-align: justify; text-indent: -18.0pt;\"><strong>Longueur<\/strong>: 29,7 km par piste + 9 km par la route goudronn\u00e9e.<\/li>\n<li style=\"text-align: justify; text-indent: -18.0pt;\"><strong>D\u00e9nivellation<\/strong>totale \u00e0 couvrir, avec toutes les mont\u00e9es et descentes\u00a0: 352 m\u00e8tres.<\/li>\n<li style=\"text-align: justify; text-indent: -18.0pt;\"><strong>Itin\u00e9raire\u00a0:<\/strong><\/li>\n<li style=\"text-align: justify; text-indent: -18.0pt;\">Km 0 \u2013 D\u00e9part du centre d\u2019Imilchil par la route R-317 vers le nord. On met le compteur \u00e0 z\u00e9ro en face de la Poste, \u00e0 2169 m\u00e8tres d\u2019altitude. \u00c7a monte sans interruption.<\/li>\n<li style=\"text-align: justify; text-indent: -18.0pt;\">Km 5,2 \u2013 Fin de la mont\u00e9e, \u00e0 2279 m. On atteint le plateau des Lacs, connu en berb\u00e8re sous le nom d\u2019Islane (les Fianc\u00e9s). Belle vue sur le lac Tislit.<\/li>\n<li style=\"text-align: justify; text-indent: -18.0pt;\">Km 5,7 \u2013 On prend la piste \u00e0 droite et on obtient d\u2019autres vues sur le lac Tislit.<\/li>\n<li style=\"text-align: justify; text-indent: -18.0pt;\">Km 10 \u2013 On laisse \u00e0 droite la piste d\u2019Akka n\u2019Motzli.<\/li>\n<li style=\"text-align: justify; text-indent: -18.0pt;\">Km 10,6 \u2013 Tasgount, maisons de bergers.<\/li>\n<li style=\"text-align: justify; text-indent: -18.0pt;\">Km 13,9 \u2013 On laisse \u00e0 droite une piste qui s\u2019\u00e9l\u00e8ve vers d\u2019autres maisons de bergers.<\/li>\n<li style=\"text-align: justify; text-indent: -18.0pt;\">Km 14,7 \u2013 Belle vue sur le lac Isli. On est \u00e0 2307 m\u00e8tres, le point le plus haut du circuit.<\/li>\n<li style=\"text-align: justify; text-indent: -18.0pt;\">Km 14,9 \u2013 Une piste \u00e0 droite descend vers le bord du lac Isli.<\/li>\n<li style=\"text-align: justify; text-indent: -18.0pt;\">Km 16,6 \u2013 Une piste \u00e0 droite conduit \u00e0 l\u2019extr\u00eame est du lac et une autre permet d\u2019y descendre. En allant tout droit, on d\u00e9couvre les parois calcaires de la gorge d\u2019Inzar n\u2019Oufounass, appel\u00e9e aussi parfois Takkat n\u2019Islane.<\/li>\n<li style=\"text-align: justify; text-indent: -18.0pt;\">Km 16,8 \u2013 Maisons de bergers \u00e0 droite.<\/li>\n<li style=\"text-align: justify; text-indent: -18.0pt;\">Km 17,8 \u2013 Commence la descente suivant le ravin.<\/li>\n<li style=\"text-align: justify; text-indent: -18.0pt;\">Km 19,4 \u2013 La piste devient mauvaise. Elle traverse plusieurs fois la rivi\u00e8re.<\/li>\n<li style=\"text-align: justify; text-indent: -18.0pt;\">Km 19,8 \u2013 Passage dans la gorge d\u2019Inzar n\u2019Oufounass. \u00c0 la sortie, le paysage change compl\u00e8tement. Les montagnes, jusqu\u2019ici sans aucune v\u00e9g\u00e9tation, se peuplent de gen\u00e9vriers.<\/li>\n<li style=\"text-align: justify; text-indent: -18.0pt;\">Km 20,2 \u2013 Belle vue sur le village d\u2019Akka n\u2019Ouanine en face et sur la gorge en arri\u00e8re.<\/li>\n<li style=\"text-align: justify; text-indent: -18.0pt;\">Km 20,5 \u2013 En traversant la rivi\u00e8re par un pont, on atteint le village d\u2019Akka n\u2019Ouanine, \u00e0 2200 m. Puis, on retourne par le m\u00eame itin\u00e9raire jusqu\u2019\u00e0 la piste d\u2019Akka n\u2019Motzli.<\/li>\n<li style=\"text-align: justify; text-indent: -18.0pt;\">Km 31 \u2013 Au point N 32\u00ba 12,005\u2019 W 5\u00ba 35,948\u2019, on prend la piste d\u2019Akka n\u2019Motzli, \u00e0 gauche. Elle descend doucement et nous offre de beaux paysages avec ruisseaux, petits champs et quelques peupliers.<\/li>\n<li style=\"text-align: justify; text-indent: -18.0pt;\">Km 32,2 \u2013 On laisse \u00e0 gauche une piste qui monte sur les montagnes. On continue \u00e0 descendre.<\/li>\n<li style=\"text-align: justify; text-indent: -18.0pt;\">Km 34,6 \u2013 Beau point de vue sur la vall\u00e9e.<\/li>\n<li style=\"text-align: justify; text-indent: -18.0pt;\">Km 33,7 &#8211; Une piste arrive par la gauche au point N 32\u00ba 10,751\u2019 W 5\u00ba 36,109\u2019. Ensuite on monte l\u00e9g\u00e8rement pour passer sur une cr\u00eate rocheuse et on descend fortement.<\/li>\n<li style=\"text-align: justify; text-indent: -18.0pt;\">Km 35,4 \u2013 Apr\u00e8s une petite mont\u00e9e et sa descente, on atteint la route R-317, qu\u2019on prend \u00e0 droite.<\/li>\n<li style=\"text-align: justify; text-indent: -18.0pt;\">Km 36,5 \u2013 On laisse \u00e0 gauche la piste de Motzli.<\/li>\n<li style=\"text-align: justify; text-indent: -18.0pt;\">Km 38,7 \u2013 Imilchil centre.<\/li>\n<li style=\"text-align: justify; text-indent: -18.0pt; line-height: 107%; margin: 6.0pt 0cm 6.0pt 36.0pt;\"><span style=\"font-size: 16.0pt; line-height: 107%; font-family: Gabriola; background: yellow;\">D\u2019Imilchil \u00e0 Oulghazi en VTT <\/span><\/li>\n<\/ul>\n<p style=\"text-align: justify;\">Ce parcours, avec un grand nombre de mont\u00e9es et descentes d\u2019environ 3% mais sans aucune grimpette forte, permet d\u00e9couvrir la moyenne vall\u00e9e de l\u2019Assif Melloul, d\u2019une beaut\u00e9 indiscutable.<\/p>\n<ul>\n<li style=\"text-align: justify; text-indent: -18.0pt;\"><strong>Dur\u00e9e<\/strong>: une demi-journ\u00e9e.<\/li>\n<li style=\"text-align: justify; text-indent: -18.0pt;\"><strong>Longueur<\/strong>: 36,4 km (aller et retour).<\/li>\n<li style=\"text-align: justify; text-indent: -18.0pt;\"><strong>D\u00e9nivellation totale<\/strong> (aller et retour)\u00a0avec toutes les mont\u00e9es et descentes\u00a0: 378 m.<\/li>\n<li style=\"text-align: justify; text-indent: -18.0pt;\"><strong>Itin\u00e9raire<\/strong>:<\/li>\n<li style=\"text-align: justify; text-indent: -18.0pt;\">Km 0 \u2013 Au centre d\u2019Imilchil on prend la route goudronn\u00e9e qui part vers le ca\u00efdat.<\/li>\n<li style=\"text-align: justify; text-indent: -18.0pt;\">Km 0,2 \u2013 On prend une d\u00e9viation \u00e0 droite \u00e0 la sortie de l\u2019agglom\u00e9ration.<\/li>\n<li style=\"text-align: justify; text-indent: -18.0pt;\">Km 0,6 \u2013 On passe pr\u00e8s de la place du souk hebdomadaire.<\/li>\n<li style=\"text-align: justify; text-indent: -18.0pt;\">Km 0,9 \u2013 Un chemin \u00e0 gauche circule entre les champs et rejoint la piste un peu plus loin. On peut prendre l\u2019un ou l\u2019autre.<\/li>\n<li style=\"text-align: justify; text-indent: -18.0pt;\">Km 1,4 \u2013 On laisse une piste \u00e0 gauche, pr\u00e8s d\u2019un cimeti\u00e8re entour\u00e9 de quelques maisons.<\/li>\n<li style=\"text-align: justify; text-indent: -18.0pt;\">Km 1,5 \u2013 Une piste \u00e0 gauche conduit \u00e0 Boukhenane.<\/li>\n<li style=\"text-align: justify; text-indent: -18.0pt;\">Km 3,2\u2013 Une autre d\u00e9viation \u00e0 gauche m\u00e8ne \u00e0 Amerdoul Aouragh, un beau village situ\u00e9 sur la rive oppos\u00e9e de l\u2019Assif Melloul. Au fond on admire l\u2019imposante masse de l\u2019Ari Tazigzaout.<\/li>\n<li style=\"text-align: justify; text-indent: -18.0pt;\">Km 4 \u2013 On laisse une piste \u00e0 droite, vers un petit groupement de maisons.<\/li>\n<li style=\"text-align: justify; text-indent: -18.0pt;\">Km 5 \u2013 Une piste \u00e0 gauche p\u00e9n\u00e8tre dans le village d\u2019Ali Ou Daoud.<\/li>\n<li style=\"text-align: justify; text-indent: -18.0pt;\">Km 5,4 \u2013 Arrive par la gauche une autre piste venant du m\u00eame village.<\/li>\n<li style=\"text-align: justify; text-indent: -18.0pt;\">Km 5,5 \u2013 On laisse une d\u00e9viation \u00e0 droite.<\/li>\n<li style=\"text-align: justify; text-indent: -18.0pt;\">Km 6 \u2013 Au point N 32\u00ba 07,961\u2019 W 05\u00ba 40,691\u2019 notre piste bifurque. On va \u00e0 gauche, car celle de la droite monte vers un hameau \u00e0 deux kilom\u00e8tres de distance. Nous montons aussi l\u00e9g\u00e8rement.<\/li>\n<li style=\"text-align: justify; text-indent: -18.0pt;\">Km 6,7 \u2013 On atteint un point \u00e9lev\u00e9 d\u2019o\u00f9 on d\u00e9couvre Ou Deddi pr\u00e9c\u00e9d\u00e9 par de nombreux peupliers. On y descend.<\/li>\n<li style=\"text-align: justify; text-indent: -18.0pt;\">Km 8,1 \u2013 \u00c0 l\u2019int\u00e9rieur d\u2019Ou Deddi, on laisse une piste sur la droite. Ce village est le dernier des A\u00eft Hadiddou. Il nous offre sa meilleure image \u00e0 la sortie.<\/li>\n<li style=\"text-align: justify; text-indent: -18.0pt;\">Km 8,5 \u2013 On traverse l\u2019Assif Melloul par un pont et on reprend la m\u00eame direction par la rive gauche.<\/li>\n<li style=\"text-align: justify; text-indent: -18.0pt;\">Km 8,8 \u2013Arriv\u00e9s \u00e0 un point \u00e9lev\u00e9, on obtient encore une vue magnifique sur Ou Deddi. Commence une descente.<\/li>\n<li style=\"text-align: justify; text-indent: -18.0pt;\">Km 9,5 \u2013 On est maintenant au fond de la vall\u00e9e, avec un environnement \u00e9blouissant : des parois rocheuses, des peupliers, la rivi\u00e8re entour\u00e9e de p\u00e2turages\u2026<\/li>\n<li style=\"text-align: justify; text-indent: -18.0pt;\">Km 10 \u2013 Nouveau point \u00e9lev\u00e9 suivi d\u2019une nouvelle descente et d\u2019une autre mont\u00e9e.<\/li>\n<li style=\"text-align: justify; text-indent: -18.0pt;\">Km 10,8 \u2013 Du point N 32\u00ba 07,760\u2019 W 05\u00ba 42,206\u2019 on voit, \u00e0 l\u2019autre c\u00f4t\u00e9 de la vall\u00e9e, le mont Taghnnoucht, tr\u00e8s escarp\u00e9. On descend \u00e0 nouveau.<\/li>\n<li style=\"text-align: justify; text-indent: -18.0pt;\">Km 11,9 \u2013 On arrive au fond de la vall\u00e9e, qui, au printemps, est tout plein de fleurs.<\/li>\n<li style=\"text-align: justify; text-indent: -18.0pt;\">Km 12,1 \u2013 Point \u00e9lev\u00e9.<\/li>\n<li style=\"text-align: justify; text-indent: -18.0pt;\">Km 12,4 \u2013 Descendus au fond, on retourne \u00e0 la rive droite par un pont. En suite, les petites mont\u00e9es et descentes se succ\u00e8dent de fa\u00e7on constante.<\/li>\n<li style=\"text-align: justify; text-indent: -18.0pt;\">Km 15 &#8211; On traverse par un autre pont un ruisseau venant de notre droite. En face on aper\u00e7oit un petit hameau, Tighouza n\u2019A\u00eft Abdi, dont le nom nous indique qu\u2019on est entr\u00e9 dans les territoires de cette fraction des A\u00eft Sokhman.<\/li>\n<li style=\"text-align: justify; text-indent: -18.0pt;\">Km 15,7 \u2013 Point \u00e9lev\u00e9. Suivent d\u2019autres mont\u00e9es et descentes. Le fond de la vall\u00e9e, entour\u00e9e de falaises, est \u00e0 nouveau occup\u00e9 par les cultures.<\/li>\n<li style=\"text-align: justify; text-indent: -18.0pt;\">Km 17,8 \u2013 On d\u00e9couvre Oulghazi sur une hauteur, mais son image est g\u00e2ch\u00e9e par les poteaux \u00e9lectriques. Commence une mont\u00e9e un peu raide.<\/li>\n<li style=\"text-align: justify; text-indent: -18.0pt;\">18,2 \u2013 Oulghazi, fin de la piste, \u00e0 2070 m d\u2019altitude. Ce village, qui comprend une grosse casbah au milieu, appartient aussi aux A\u00eft Abdi. On retourne \u00e0 Imilchil par le m\u00eame chemin.<\/li>\n<li style=\"text-align: justify; text-indent: -18.0pt; line-height: 107%; margin: 6.0pt 0cm 6.0pt 36.0pt;\"><span style=\"font-size: 16.0pt; line-height: 107%; font-family: Gabriola; background: yellow;\">Travers\u00e9e de l\u2019Amalou n\u2019Tifrit en VTT<\/span><\/li>\n<\/ul>\n<p style=\"text-align: justify;\">Ce circuit convient aux plus sportifs, qui ont une bonne ma\u00eetrise du v\u00e9lo tout-terrain. Les paysages magnifiques qu\u2019ils vont contempler devraient compenser leurs efforts&#8230;<\/p>\n<ul>\n<li style=\"text-align: justify; text-indent: -18.0pt;\"><strong>Dur\u00e9e<\/strong>: une demi-journ\u00e9e.<\/li>\n<li style=\"text-align: justify; text-indent: -18.0pt;\"><strong>Longueur<\/strong>: environ 33 km.<\/li>\n<li style=\"text-align: justify; text-indent: -18.0pt;\"><strong>D\u00e9nivellation totale<\/strong>avec toutes les mont\u00e9es et descentes\u00a0: environ 350 m.<\/li>\n<li style=\"text-align: justify; text-indent: -18.0pt;\"><strong>Itin\u00e9raire<\/strong>:<\/li>\n<li style=\"text-align: justify; text-indent: -18.0pt; line-height: 107%; margin: 6.0pt 0cm 6.0pt 36.0pt;\">Le d\u00e9part d\u2019Imilchil se fait par la piste d\u2019Oulghazi. Apr\u00e8s 5,5 km, pas loin d\u2019Ali Ou Daoud, apr\u00e8s une l\u00e9g\u00e8re mont\u00e9e et descente, elle trouve une nouvelle piste qui conduit jusqu\u2019\u00e0 un hameau minuscule, au bord d\u2019un ruisseau. Puis un simple sentier praticable avec un v\u00e9lo tout-terrain monte sur une hauteur et descend dans la vall\u00e9e d\u2019Akka n\u2019Oussacha. Ensuite il remonte cette vall\u00e9e jusqu\u2019au col de Tastaf, 2319 m. De l\u00e0-haut, on voit toute la vall\u00e9e de l\u2019Assif Melloul avec la cha\u00eene de l\u2019Ari Tazigzaout au fond. Apr\u00e8s le col, qui nous permet de contourner l\u2019Amalou n\u2019Tifirt, on descend vers le nord jusqu\u2019\u00e0 la route R-317, qu\u2019on prend \u00e0 droite. Elle monte pendant 5 km jusqu\u2019\u00e0 Bab n\u2019Ouayad (2385 m) puis elle descend au long de 7 km, d\u2019abord en lacets jusqu\u2019au lac Tislit et de l\u00e0 plus doucement vers Imilchil.<\/li>\n<\/ul>\n","protected":false},"excerpt":{"rendered":"<p>Circuit et raid en v\u00e9lo tout terrain dans le Haut Atlas oriental et central \u00a0\u00a0 En VTT, des hauts plateaux des nomades aux vall\u00e9es profondes de l&rsquo;Atlas Central. Des moments inoubliables sur les hauteurs, \u00e0 la rencontre de la culture berb\u00e8re et \u00e0 l&rsquo;admiration des beaux paysages : montagnes, gorges, rivi\u00e8res. A d\u00e9couvrir aussi les traditions, la culture et les coutume des habitants. Cr\u00e9\u00e9e le 17 novembre 2005, l\u2019association \u00ab\u00a0Les Toqu\u00e9s de la Dalle\u00a0\u00bb organise un raid multisports du\u00a015 au 20 Avril 2018\u00a0intitul\u00e9 \u00ab\u00a0L&rsquo;Agoudal Raid\u00a0\u00bb en partenariat avec une association locale nomm\u00e9e \u00a0\u201cAKHIAM\u201d au village d\u2019Agoudal-Imilchil &nbsp; \u00a0 Parcours sportifs propos\u00e9s\u00a0: Excursion \u00e0 la grotte d\u2019Akhiam en VTT Cette excursion nous permet de d\u00e9couvrir sans grand effort des endroits d\u2019une beaut\u00e9 extraordinaire et sauvage, comme la grotte elle-m\u00eame, le pont naturel qui la pr\u00e9c\u00e8de et la cascade qui est un peu plus en bas. Dur\u00e9e: une demi-journ\u00e9e. Longitude: 20 km aller et retour. D\u00e9nivellation: 187 m, dont 90 m sont \u00e0 faire \u00e0 pied par un sentier et un escalier. La d\u00e9nivellation \u00e0 monter en VTT est, donc, de 97 m seulement. \u00c0 pr\u00e9voir: des torches pour p\u00e9n\u00e9trer dans la grotte et une cha\u00eene pour attacher les v\u00e9los pendant le [&#8230;]<\/p>\n","protected":false},"author":1,"featured_media":0,"parent":0,"menu_order":0,"comment_status":"closed","ping_status":"closed","template":"","meta":{"footnotes":""},"class_list":["post-356","page","type-page","status-publish","hentry"],"_links":{"self":[{"href":"https:\/\/akhiam.org\/tourisme\/wp-json\/wp\/v2\/pages\/356","targetHints":{"allow":["GET"]}}],"collection":[{"href":"https:\/\/akhiam.org\/tourisme\/wp-json\/wp\/v2\/pages"}],"about":[{"href":"https:\/\/akhiam.org\/tourisme\/wp-json\/wp\/v2\/types\/page"}],"author":[{"embeddable":true,"href":"https:\/\/akhiam.org\/tourisme\/wp-json\/wp\/v2\/users\/1"}],"replies":[{"embeddable":true,"href":"https:\/\/akhiam.org\/tourisme\/wp-json\/wp\/v2\/comments?post=356"}],"version-history":[{"count":4,"href":"https:\/\/akhiam.org\/tourisme\/wp-json\/wp\/v2\/pages\/356\/revisions"}],"predecessor-version":[{"id":371,"href":"https:\/\/akhiam.org\/tourisme\/wp-json\/wp\/v2\/pages\/356\/revisions\/371"}],"wp:attachment":[{"href":"https:\/\/akhiam.org\/tourisme\/wp-json\/wp\/v2\/media?parent=356"}],"curies":[{"name":"wp","href":"https:\/\/api.w.org\/{rel}","templated":true}]}}